{"id":41,"date":"2016-12-02T22:36:25","date_gmt":"2016-12-02T22:36:25","guid":{"rendered":"http:\/\/culturaliagz.com\/?post_type=tribe_events&#038;p=41"},"modified":"2017-02-14T19:34:36","modified_gmt":"2017-02-14T19:34:36","slug":"recital-poetico-solidario","status":"publish","type":"tribe_events","link":"http:\/\/culturaliagz.com\/?tribe_events=recital-poetico-solidario","title":{"rendered":"Recital po\u00e9tico solidario"},"content":{"rendered":"<p>Conv\u00f3case dende A Coru\u00f1a o III Recital Po\u00e9tico Solidario a nivel Nacional e Internacional<span style=\"color: #ffcc00;\"><strong> o vindeiro 16 de decembro \u00e1s 20 hrs. co gallo de recadar fondos con FINS SOLIDARIOS.<\/strong><\/span><\/p>\n<h3><strong><span style=\"color: #ffcc00;\">Baixo o lema: Verso, \u00bfqu\u00e9 traes?. Esperanza.<\/span><\/strong><\/h3>\n<p>Tr\u00e1tase dunha iniciativa de Branca Vilela, poeta, escritora e xestora cultural de A Coru\u00f1a. A idea xurdiu \u00f3 co\u00f1ecer os datos da xente que cada d\u00eda utilizaban o comedor social en dita cidade (1.500 persoas). F\u00edxose unha gran convocatoria v\u00eda facebook e v\u00eda telef\u00f3nica a todos os poetas do seu c\u00edrculo de amizades e a resposta foi inmediata e contundente.<\/p>\n<p>Pret\u00e9ndese que en cada cidade ou vila unha persoa ou organismo se encargue da xesti\u00f3n do evento, realizar as tarefas de buscar unha sala para a celebraci\u00f3n, convocar \u00f3s participantes e designar a quen vai dirixida a axuda. Establ\u00e9cese unha entrada m\u00ednima de 3 \u20ac m\u00e1is a vontade. Igualmente, tam\u00e9n se pretende a implicaci\u00f3n dos medios audiovisuais para unha maior divulgaci\u00f3n. E, incluso, que se difunda v\u00eda internet de xeito simult\u00e1neo. Para maior difusi\u00f3n, e trat\u00e1ndose dunha iniciativa privada, buscarase a colaboraci\u00f3n dos m\u00e1ximos organismos e medios de cada cidade ou vila, \u00f3 igual que personalidades que queiran participar tanto do mundo literario como pol\u00edtico e empresarial. Toda axuda \u00e9 necesaria. At\u00e9 hoxe xa se adheriron a este proxecto m\u00e1is de vinte cidades espa\u00f1olas, entre elas: A Coru\u00f1a, Barcelona, Bilbao, Madrid, Murcia, Sevilla, etc, e outros lugares coma: Argentina, Canad\u00e1, Ecuador, EEUU, Portugal e xa se est\u00e1n realizando xesti\u00f3ns noutros sitios.<img loading=\"lazy\" decoding=\"async\" class=\"aligncenter wp-image-47\" title=\"Recital po\u00e9tico solidario\" src=\"http:\/\/culturaliagz.com\/wp-content\/uploads\/2016\/12\/IMG-20161130-WA0009-210x300.jpg\" alt=\"Recital po\u00e9tico solidario\" width=\"442\" height=\"632\" srcset=\"http:\/\/culturaliagz.com\/wp-content\/uploads\/2016\/12\/IMG-20161130-WA0009-210x300.jpg 210w, http:\/\/culturaliagz.com\/wp-content\/uploads\/2016\/12\/IMG-20161130-WA0009-768x1096.jpg 768w, http:\/\/culturaliagz.com\/wp-content\/uploads\/2016\/12\/IMG-20161130-WA0009-717x1024.jpg 717w, http:\/\/culturaliagz.com\/wp-content\/uploads\/2016\/12\/IMG-20161130-WA0009-1080x1541.jpg 1080w, http:\/\/culturaliagz.com\/wp-content\/uploads\/2016\/12\/IMG-20161130-WA0009.jpg 1121w\" sizes=\"auto, (max-width: 442px) 100vw, 442px\" \/><\/p>\n<h3><span style=\"color: #ffcc00;\">Organizado por culturalia GZ<\/span><\/h3>\n<p>Aqu\u00ed en Vilalba, dito recital farase no Centro Cultural e Recreativo as 19:30 hrs. E contarase coa participaci\u00f3n varios autores que vir\u00e1n agasallar coa s\u00faa voz po\u00e9tica aos asistentes ao acto que ter\u00e1 como causa solidaria da <span style=\"color: #ffcc00;\"><strong>Cruz Vermella: CAMPA\u00d1A DE XOGUETES, \u201cOS SEUS DEREITOS EN XOGO<\/strong>\u201d<\/span>. A venda de entrada, a 3\u20ac, realizarase na Casa da Cultura e no propio Centro Cultural e Recreativo. AN\u00cdMATE E COLABORA!<\/p>\n<p>&nbsp;<\/p>\n<p>&nbsp;<\/p>\n","protected":false},"excerpt":{"rendered":"<p>Conv\u00f3case dende A Coru\u00f1a o III Recital Po\u00e9tico Solidario a nivel Nacional e Internacional o vindeiro 16 de decembro \u00e1s 20 hrs. co gallo de recadar fondos con FINS SOLIDARIOS. [&hellip;]<\/p>\n","protected":false},"author":1,"featured_media":54,"template":"","meta":{"_et_pb_use_builder":"","_et_pb_old_content":"","_et_gb_content_width":"","_tribe_events_status":"","_tribe_events_status_reason":"","footnotes":""},"tags":[4,3,5],"tribe_events_cat":[52],"class_list":["post-41","tribe_events","type-tribe_events","status-publish","has-post-thumbnail","hentry","tag-acto-solidario","tag-recital-poetico","tag-vilalba","tribe_events_cat-eventos","cat_eventos"],"jetpack_sharing_enabled":true,"_links":{"self":[{"href":"http:\/\/culturaliagz.com\/index.php?rest_route=\/wp\/v2\/tribe_events\/41","targetHints":{"allow":["GET"]}}],"collection":[{"href":"http:\/\/culturaliagz.com\/index.php?rest_route=\/wp\/v2\/tribe_events"}],"about":[{"href":"http:\/\/culturaliagz.com\/index.php?rest_route=\/wp\/v2\/types\/tribe_events"}],"author":[{"embeddable":true,"href":"http:\/\/culturaliagz.com\/index.php?rest_route=\/wp\/v2\/users\/1"}],"version-history":[{"count":8,"href":"http:\/\/culturaliagz.com\/index.php?rest_route=\/wp\/v2\/tribe_events\/41\/revisions"}],"predecessor-version":[{"id":62,"href":"http:\/\/culturaliagz.com\/index.php?rest_route=\/wp\/v2\/tribe_events\/41\/revisions\/62"}],"wp:featuredmedia":[{"embeddable":true,"href":"http:\/\/culturaliagz.com\/index.php?rest_route=\/wp\/v2\/media\/54"}],"wp:attachment":[{"href":"http:\/\/culturaliagz.com\/index.php?rest_route=%2Fwp%2Fv2%2Fmedia&parent=41"}],"wp:term":[{"taxonomy":"post_tag","embeddable":true,"href":"http:\/\/culturaliagz.com\/index.php?rest_route=%2Fwp%2Fv2%2Ftags&post=41"},{"taxonomy":"tribe_events_cat","embeddable":true,"href":"http:\/\/culturaliagz.com\/index.php?rest_route=%2Fwp%2Fv2%2Ftribe_events_cat&post=41"}],"curies":[{"name":"wp","href":"https:\/\/api.w.org\/{rel}","templated":true}]}}