{"id":1500,"date":"2017-05-24T00:03:55","date_gmt":"2017-05-23T23:03:55","guid":{"rendered":"http:\/\/culturaliagz.com\/?post_type=tribe_events&#038;p=1500"},"modified":"2017-05-24T10:12:59","modified_gmt":"2017-05-24T09:12:59","slug":"gala-premios-mestras-e-mestres-da-memoria-2017","status":"publish","type":"tribe_events","link":"http:\/\/culturaliagz.com\/?tribe_events=gala-premios-mestras-e-mestres-da-memoria-2017","title":{"rendered":"GALA PREMIOS MESTRAS E MESTRES DA MEMORIA 2017"},"content":{"rendered":"<p><strong>Gala dos Premios Mestras e Mestres da Memoria 2017<\/strong><br \/>\nS\u00e1bado, 27 de maio de 2017, \u00e1s 18:00 horas<br \/>\nCentro Cultural Vello C\u00e1rcere de Lugo,\u00a0Avenida Alcalde Anxo L\u00f3pez P\u00e9rez, 34 (<a href=\"https:\/\/www.google.es\/maps\/place\/Centro+Cultural+Vello+Carcere\/@43.0083498,-7.5548098,15z\/data=!4m5!3m4!1s0x0:0x500f9a12cfe116f7!8m2!3d43.0083498!4d-7.5548098\" target=\"_blank\" rel=\"noopener noreferrer\">como chegar<\/a>)<br \/>\nCo apoio das \u00e1reas de Cultura do Concello e da Deputaci\u00f3n de Lugo.<br \/>\nEntrada libre<\/p>\n<p>Acto de entrega dos diplomas acreditativos de MESTRAS DA MEMORIA \u00e1s <a href=\"http:\/\/www.aelg.gal\/Polafias\/ShowVideosPolafiaByReporter.do?id=155\" target=\"_blank\" rel=\"noopener noreferrer\">Pandeireteiras da Al\u00e9n<\/a> (Orosia e Alsira Gil Ramos e \u00d3lida Diz Ramos) e do diploma de MESTRE DA MEMORIA a <a href=\"http:\/\/www.aelg.gal\/Polafias\/ShowVideosPolafiaByReporter.do?id=173\" target=\"_blank\" rel=\"noopener noreferrer\">Seraf\u00edn Mourelle Bugallo<\/a>, da Coru\u00f1a.<\/p>\n<p>Ademais das persoas homenaxeados, intervir\u00e1n no acto:<\/p>\n<ul>\n<li>Xos\u00e9 Iglesias, mari\u00f1eiro e poeta<\/li>\n<li>Isidro Novo, escritor<\/li>\n<li>Poldo Ca\u00f1izo, escritor<\/li>\n<li>Mercedes Queixas Zas, secretaria xeral da AELG<\/li>\n<li>Ces\u00e1reo S\u00e1nchez Iglesias, presidente da AELG<\/li>\n<\/ul>\n<p>A m\u00fasica corre a cargo de Branca Villares e\u00a0Ricardo Marcos Cas\u00e1s Salgado.<br \/>\nPresentaci\u00f3n: Antonio Reigosa<\/p>\n<p><strong>Mestras da Memoria 2017: Pandereteiras Da Al\u00e9n<\/strong><br \/>\nDo lugar da Al\u00e9n, Xirarga, Beariz, Ourense.<br \/>\nOrosia Gil Ramos (95 anos) Alsira Gil Ramos (90 anos) e \u00d3lida Diz Ramos (96 anos).<br \/>\n<em>\u201cPresenza viva da poes\u00eda e m\u00fasica, tesouro en vida onde repousan xotas, mui\u00f1eiras, pasodobres, cantares de reis, aturuxos e a sabedor\u00eda e a sensibilidade popular feita poema musicado.&#8221;<\/em>\u00a0(Poldo Ca\u00f1izo)<\/p>\n<p><strong>Mestre da Memoria 2017: Seraf\u00edn Mourelle Bugallo<\/strong><br \/>\nMari\u00f1eiro e poeta. 84 anos. Nacido en Corme. Residente na cidade da Coru\u00f1a.<br \/>\n<em>\u201cAos catorce anos embarcou de axudante de coci\u00f1a \u00a0e chegou a converterse nun famoso patr\u00f3n do Gran Sol. Nos anos sesenta \u00a0foi un dos descubridores dos vizosos caladoiros de Porcupine, o volc\u00e1n submarino situado ao oeste de Irlanda. Tam\u00e9n \u00e9 poeta ao xeito de Manuel Antonio; isto \u00e9, poes\u00eda do mar escrita pola propia xente do mar.\u201c<\/em> (Xurxo Souto)<\/p>\n<hr \/>\n<p>A AELG pretende facer m\u00e1is vis\u00edbel ante a sociedade a Literatura de Tradici\u00f3n Oral levando a Lugo a s\u00faa Gala dos Premios Mestras e Mestres da Memoria que, co lema \u00abLugo, Capital Galega da Literatura de Tradici\u00f3n Oral\u00bb, ter\u00e1\u00a0lugar o 27 de maio no Centro Cultural Vello C\u00e1rcere de Lugo, na\u00a0Avenida Alcalde Anxo L\u00f3pez P\u00e9rez, 34 (<a href=\"https:\/\/www.google.es\/maps\/place\/Centro+Cultural+Vello+Carcere\/@43.0083498,-7.5548098,15z\/data=!4m5!3m4!1s0x0:0x500f9a12cfe116f7!8m2!3d43.0083498!4d-7.5548098\" target=\"_blank\" rel=\"noopener noreferrer\">como chegar<\/a>).<\/p>\n<p>O obxectivo principal da Gala \u00e9 a entrega dos V Premios Mestras e Mestres da Memoria, que se conceden a informantes de literatura popular, por toda unha vida de dedicaci\u00f3n exemplar \u00e1 transmisi\u00f3n oral de saberes e valores da nosa cultura popular tradicional. A proposta da Secci\u00f3n de Literatura de Tradici\u00f3n Oral, coordinada por Antonio Reigosa, a asemblea xeral de Socios-as da AELG acordou outorg\u00e1rllelos \u00e1s <a href=\"http:\/\/www.aelg.gal\/Polafias\/ShowVideosPolafiaByReporter.do?id=155\" target=\"_blank\" rel=\"noopener noreferrer\">Pandeireteiras da Al\u00e9n<\/a> (Orosia e Alsira Gil Ramos e \u00d3lida Diz Ramos) e a <a href=\"http:\/\/www.aelg.gal\/Polafias\/ShowVideosPolafiaByReporter.do?id=173\" target=\"_blank\" rel=\"noopener noreferrer\">Seraf\u00edn Mourelle Bugallo<\/a>.<\/p>\n<p>O principal valor dunha sociedade constit\u00faeno as persoas, os tesouros humanos vivos, homes e mulleres que estiveron atentos para recibir dos seus predecesores a herdanza cultural, que logo reciclan e recrean, e que adaptan e actualizan con xenerosidade para, por fin, transmitir todos eses saberes herdados aos que ve\u00f1en detr\u00e1s.<br \/>\nNesta cadea de comunicaci\u00f3n a cultura popular mantense viva porque se actualiza sen renunciar \u00e1s esencias que a distinguen, que a fan ao tempo singular e universal.<br \/>\nDesde a Secci\u00f3n de Literatura de Tradici\u00f3n Oral da Asociaci\u00f3n de Escritores en Lingua Galega (AELG) queremos contribu\u00edr a manter sempre aberta esa canle de comunicaci\u00f3n entre os que por idade e, como consecuencia, por acumulaci\u00f3n de experiencias e saberes, gardan a memoria deses esencias da nosa cultura e os que, pola contra, andan a\u00ednda descubrindo o mundo que os rodea.<\/p>\n<p>P\u00f3dese consultar\u00a0<a href=\"http:\/\/www.aelg.gal\/Polafias\/ShowMestres.do\" target=\"_blank\" rel=\"noopener noreferrer\">aqu<\/a>\u00ed a listaxe de persoas que xa foron nomeadas Mestras-es da Memoria pola Secci\u00f3n de Literatura de Tradici\u00f3n Oral, \u00e1 que o vindeiro s\u00e1bado se engadiran as Pandeireteiras da Al\u00e9n e Seraf\u00edn Mourelle.<\/p>\n<p>Fonte: <a href=\"http:\/\/www.aelg.org\/\" target=\"_blank\" rel=\"noopener noreferrer\">AELG <\/a>(Asociaci\u00f3n de Escritoras e Escritores en Lingua Galega)<\/p>\n","protected":false},"excerpt":{"rendered":"<p>Gala dos Premios Mestras e Mestres da Memoria 2017 S\u00e1bado, 27 de maio de 2017, \u00e1s 18:00 horas Centro Cultural Vello C\u00e1rcere de Lugo,\u00a0Avenida Alcalde Anxo L\u00f3pez P\u00e9rez, 34 (como [&hellip;]<\/p>\n","protected":false},"author":1,"featured_media":1501,"template":"","meta":{"_et_pb_use_builder":"","_et_pb_old_content":"","_et_gb_content_width":"","_tribe_events_status":"","_tribe_events_status_reason":"","footnotes":""},"tags":[31,99,201,75,202,203,204],"tribe_events_cat":[52],"class_list":["post-1500","tribe_events","type-tribe_events","status-publish","has-post-thumbnail","hentry","tag-aelg","tag-antonio-reigosa","tag-concello-de-lugo","tag-deputacion-de-lugo","tag-gala-premios-mestras-e-mestres-da-memoria-2017","tag-isidro-novo","tag-mercedes-queixas-zas","tribe_events_cat-eventos","cat_eventos"],"jetpack_sharing_enabled":true,"_links":{"self":[{"href":"http:\/\/culturaliagz.com\/index.php?rest_route=\/wp\/v2\/tribe_events\/1500","targetHints":{"allow":["GET"]}}],"collection":[{"href":"http:\/\/culturaliagz.com\/index.php?rest_route=\/wp\/v2\/tribe_events"}],"about":[{"href":"http:\/\/culturaliagz.com\/index.php?rest_route=\/wp\/v2\/types\/tribe_events"}],"author":[{"embeddable":true,"href":"http:\/\/culturaliagz.com\/index.php?rest_route=\/wp\/v2\/users\/1"}],"version-history":[{"count":5,"href":"http:\/\/culturaliagz.com\/index.php?rest_route=\/wp\/v2\/tribe_events\/1500\/revisions"}],"predecessor-version":[{"id":1506,"href":"http:\/\/culturaliagz.com\/index.php?rest_route=\/wp\/v2\/tribe_events\/1500\/revisions\/1506"}],"wp:featuredmedia":[{"embeddable":true,"href":"http:\/\/culturaliagz.com\/index.php?rest_route=\/wp\/v2\/media\/1501"}],"wp:attachment":[{"href":"http:\/\/culturaliagz.com\/index.php?rest_route=%2Fwp%2Fv2%2Fmedia&parent=1500"}],"wp:term":[{"taxonomy":"post_tag","embeddable":true,"href":"http:\/\/culturaliagz.com\/index.php?rest_route=%2Fwp%2Fv2%2Ftags&post=1500"},{"taxonomy":"tribe_events_cat","embeddable":true,"href":"http:\/\/culturaliagz.com\/index.php?rest_route=%2Fwp%2Fv2%2Ftribe_events_cat&post=1500"}],"curies":[{"name":"wp","href":"https:\/\/api.w.org\/{rel}","templated":true}]}}